{"id":41,"date":"2025-07-05T13:28:58","date_gmt":"2025-07-05T13:28:58","guid":{"rendered":"https:\/\/test.mtcge.ch\/?page_id=41"},"modified":"2025-08-28T22:43:27","modified_gmt":"2025-08-28T22:43:27","slug":"auriculotherapie","status":"publish","type":"page","link":"https:\/\/mtcge.ch\/en\/auriculotherapie\/","title":{"rendered":"Auriculotherapy"},"content":{"rendered":"<p>[et_pb_section fb_built=\u00a0\u00bb1&Prime; next_background_color=\u00a0\u00bb#ffffff\u00a0\u00bb _builder_version=\u00a0\u00bb4.27.4&Prime; _module_preset=\u00a0\u00bbdefault\u00a0\u00bb background_image=\u00a0\u00bbhttp:\/\/mtcge.ch\/wp-content\/uploads\/2025\/07\/Auriculotherapy-MTC-GE.webp\u00a0\u00bb background_position=\u00a0\u00bbcenter_left\u00a0\u00bb background_horizontal_offset=\u00a0\u00bb77%\u00a0\u00bb min_height=\u00a0\u00bb575.6px\u00a0\u00bb custom_margin=\u00a0\u00bb||2px|||\u00a0\u00bb bottom_divider_style=\u00a0\u00bbwave2&Prime; global_colors_info=\u00a0\u00bb{}\u00a0\u00bb][et_pb_row _builder_version=\u00a0\u00bb4.27.4&Prime; _module_preset=\u00a0\u00bbdefault\u00a0\u00bb global_colors_info=\u00a0\u00bb{}\u00a0\u00bb][et_pb_column type=\u00a0\u00bb4_4&Prime; _builder_version=\u00a0\u00bb4.27.4&Prime; _module_preset=\u00a0\u00bbdefault\u00a0\u00bb global_colors_info=\u00a0\u00bb{}\u00a0\u00bb][et_pb_text module_class=\u00a0\u00bbtexte-contour-blanc\u00a0\u00bb _builder_version=\u00a0\u00bb4.27.4&Prime; _module_preset=\u00a0\u00bbdefault\u00a0\u00bb background_layout=\u00a0\u00bbdark\u00a0\u00bb animation_style=\u00a0\u00bbfade\u00a0\u00bb global_colors_info=\u00a0\u00bb{}\u00a0\u00bb]<\/p>\n<h1><span style=\"color: #333300;\"><strong>Auriculoth\u00e9rapie \u00e0 Gen\u00e8ve | MTC Sant\u00e9<\/strong><\/span><\/h1>\n<p>[\/et_pb_text][\/et_pb_column][\/et_pb_row][et_pb_row _builder_version=\u00a0\u00bb4.27.4&Prime; _module_preset=\u00a0\u00bbdefault\u00a0\u00bb global_colors_info=\u00a0\u00bb{}\u00a0\u00bb][et_pb_column type=\u00a0\u00bb4_4&Prime; _builder_version=\u00a0\u00bb4.27.4&Prime; _module_preset=\u00a0\u00bbdefault\u00a0\u00bb global_colors_info=\u00a0\u00bb{}\u00a0\u00bb][et_pb_text module_class=\u00a0\u00bbtexte-contour-blanc\u00a0\u00bb _builder_version=\u00a0\u00bb4.27.4&Prime; _module_preset=\u00a0\u00bbdefault\u00a0\u00bb background_layout=\u00a0\u00bbdark\u00a0\u00bb animation_style=\u00a0\u00bbfade\u00a0\u00bb hover_enabled=\u00a0\u00bb0&Prime; global_colors_info=\u00a0\u00bb{}\u00a0\u00bb sticky_enabled=\u00a0\u00bb0&Prime;]<\/p>\n<h2><span style=\"color: #333300;\">Une m\u00e9thode douce et pr\u00e9cise pour r\u00e9\u00e9quilibrer votre corps par l\u2019oreille<\/span><\/h2>\n<p>[\/et_pb_text][\/et_pb_column][\/et_pb_row][et_pb_row _builder_version=\u00a0\u00bb4.27.4&Prime; _module_preset=\u00a0\u00bbdefault\u00a0\u00bb global_colors_info=\u00a0\u00bb{}\u00a0\u00bb][et_pb_column type=\u00a0\u00bb4_4&Prime; _builder_version=\u00a0\u00bb4.27.4&Prime; _module_preset=\u00a0\u00bbdefault\u00a0\u00bb global_colors_info=\u00a0\u00bb{}\u00a0\u00bb][et_pb_text module_class=\u00a0\u00bbtexte-contour-blanc\u00a0\u00bb _builder_version=\u00a0\u00bb4.27.4&Prime; _module_preset=\u00a0\u00bbdefault\u00a0\u00bb text_font_size=\u00a0\u00bb20px\u00a0\u00bb text_line_height=\u00a0\u00bb1.72em\u00a0\u00bb animation_style=\u00a0\u00bbfade\u00a0\u00bb hover_enabled=\u00a0\u00bb0&Prime; global_colors_info=\u00a0\u00bb{}\u00a0\u00bb sticky_enabled=\u00a0\u00bb0&Prime;]<\/p>\n<p>Gr\u00e2ce \u00e0 <strong>l\u2019auriculoth\u00e9rapie<\/strong>, technique mill\u00e9naire de la m\u00e9decine chinoise, il est possible de <strong>r\u00e9duire stress, douleurs et tensions<\/strong>. La Dre Qian applique cette m\u00e9thode \u00e0 <strong>Gen\u00e8ve<\/strong> pour des soins personnalis\u00e9s et efficaces.<\/p>\n<p>[\/et_pb_text][\/et_pb_column][\/et_pb_row][\/et_pb_section][et_pb_section fb_built=\u00a0\u00bb1&Prime; _builder_version=\u00a0\u00bb4.27.4&Prime; _module_preset=\u00a0\u00bbdefault\u00a0\u00bb animation_style=\u00a0\u00bbfade\u00a0\u00bb global_colors_info=\u00a0\u00bb{}\u00a0\u00bb][et_pb_row _builder_version=\u00a0\u00bb4.27.4&Prime; _module_preset=\u00a0\u00bbdefault\u00a0\u00bb global_colors_info=\u00a0\u00bb{}\u00a0\u00bb][et_pb_column type=\u00a0\u00bb4_4&Prime; _builder_version=\u00a0\u00bb4.27.4&Prime; _module_preset=\u00a0\u00bbdefault\u00a0\u00bb global_colors_info=\u00a0\u00bb{}\u00a0\u00bb][et_pb_text _builder_version=\u00a0\u00bb4.27.4&Prime; _module_preset=\u00a0\u00bbdefault\u00a0\u00bb global_colors_info=\u00a0\u00bb{}\u00a0\u00bb]<\/p>\n<h2><strong data-start=\"989\" data-end=\"1016\">Indications principales<\/strong><\/h2>\n<p>[\/et_pb_text][\/et_pb_column][\/et_pb_row][et_pb_row _builder_version=\u00a0\u00bb4.27.4&Prime; _module_preset=\u00a0\u00bbdefault\u00a0\u00bb global_colors_info=\u00a0\u00bb{}\u00a0\u00bb][et_pb_column type=\u00a0\u00bb4_4&Prime; _builder_version=\u00a0\u00bb4.27.4&Prime; _module_preset=\u00a0\u00bbdefault\u00a0\u00bb global_colors_info=\u00a0\u00bb{}\u00a0\u00bb][et_pb_text _builder_version=\u00a0\u00bb4.27.4&Prime; _module_preset=\u00a0\u00bbdefault\u00a0\u00bb text_font_size=\u00a0\u00bb20px\u00a0\u00bb text_line_height=\u00a0\u00bb1.72em\u00a0\u00bb global_colors_info=\u00a0\u00bb{}\u00a0\u00bb]<\/p>\n<ul>\n<li data-start=\"1019\" data-end=\"1055\">Stress, anxi\u00e9t\u00e9, troubles du sommeil<\/li>\n<li data-start=\"1056\" data-end=\"1111\">\n<p data-start=\"1058\" data-end=\"1111\">Douleurs chroniques ou aigu\u00ebs (dos, \u00e9paules, genoux\u2026)<\/p>\n<\/li>\n<li data-start=\"1112\" data-end=\"1151\">\n<p data-start=\"1114\" data-end=\"1151\">Addictions (tabac, sucre, grignotage)<\/p>\n<\/li>\n<li data-start=\"1152\" data-end=\"1172\">\n<p data-start=\"1154\" data-end=\"1172\">Troubles digestifs<\/p>\n<\/li>\n<li data-start=\"1173\" data-end=\"1202\">\n<p data-start=\"1175\" data-end=\"1202\">Soutien \u00e0 la perte de poids<\/p>\n<\/li>\n<li data-start=\"1203\" data-end=\"1225\">\n<p data-start=\"1205\" data-end=\"1225\">R\u00e9gulation hormonale<\/p>\n<\/li>\n<\/ul>\n<p>[\/et_pb_text][\/et_pb_column][\/et_pb_row][\/et_pb_section][et_pb_section fb_built=\u00a0\u00bb1&Prime; _builder_version=\u00a0\u00bb4.27.4&Prime; _module_preset=\u00a0\u00bbdefault\u00a0\u00bb use_background_color_gradient=\u00a0\u00bbon\u00a0\u00bb background_color_gradient_direction=\u00a0\u00bb90deg\u00a0\u00bb background_color_gradient_stops=\u00a0\u00bb#ffffff 0%|#dceed1 100%\u00a0\u00bb animation_style=\u00a0\u00bbfade\u00a0\u00bb global_colors_info=\u00a0\u00bb{}\u00a0\u00bb][et_pb_row _builder_version=\u00a0\u00bb4.27.4&Prime; _module_preset=\u00a0\u00bbdefault\u00a0\u00bb global_colors_info=\u00a0\u00bb{}\u00a0\u00bb][et_pb_column type=\u00a0\u00bb4_4&Prime; _builder_version=\u00a0\u00bb4.27.4&Prime; _module_preset=\u00a0\u00bbdefault\u00a0\u00bb global_colors_info=\u00a0\u00bb{}\u00a0\u00bb][et_pb_text _builder_version=\u00a0\u00bb4.27.4&Prime; _module_preset=\u00a0\u00bbdefault\u00a0\u00bb global_colors_info=\u00a0\u00bb{}\u00a0\u00bb]<\/p>\n<h2><strong data-start=\"1239\" data-end=\"1267\">D\u00e9roulement d\u2019une s\u00e9ance \u00e0 MTC Sant\u00e9<\/strong><\/h2>\n<p>[\/et_pb_text][\/et_pb_column][\/et_pb_row][et_pb_row _builder_version=\u00a0\u00bb4.27.4&Prime; _module_preset=\u00a0\u00bbdefault\u00a0\u00bb global_colors_info=\u00a0\u00bb{}\u00a0\u00bb][et_pb_column type=\u00a0\u00bb4_4&Prime; _builder_version=\u00a0\u00bb4.27.4&Prime; _module_preset=\u00a0\u00bbdefault\u00a0\u00bb global_colors_info=\u00a0\u00bb{}\u00a0\u00bb][et_pb_text _builder_version=\u00a0\u00bb4.27.4&Prime; _module_preset=\u00a0\u00bbdefault\u00a0\u00bb text_font_size=\u00a0\u00bb20px\u00a0\u00bb text_line_height=\u00a0\u00bb1.72em\u00a0\u00bb global_colors_info=\u00a0\u00bb{}\u00a0\u00bb]<\/p>\n<ol>\n<li data-start=\"1271\" data-end=\"1342\"><strong data-start=\"1271\" data-end=\"1299\">Bilan \u00e9nerg\u00e9tique rapide<\/strong> (si besoin, combin\u00e9 avec un suivi en MTC).<\/li>\n<li data-start=\"1271\" data-end=\"1342\"><strong data-start=\"1346\" data-end=\"1386\">Rep\u00e9rage pr\u00e9cis des points sensibles<\/strong> sur l\u2019oreille.<\/li>\n<li data-start=\"1271\" data-end=\"1342\"><strong data-start=\"1405\" data-end=\"1420\">Stimulation<\/strong> par graines de vaccaria (coll\u00e9es avec un sparadrap)<\/li>\n<li data-start=\"1271\" data-end=\"1342\"><strong data-start=\"1556\" data-end=\"1578\">Suivi personnalis\u00e9<\/strong> : possibilit\u00e9 de garder les graines quelques jours pour prolonger l\u2019effet.<\/li>\n<\/ol>\n<p>[\/et_pb_text][\/et_pb_column][\/et_pb_row][\/et_pb_section][et_pb_section fb_built=\u00a0\u00bb1&Prime; _builder_version=\u00a0\u00bb4.27.4&Prime; _module_preset=\u00a0\u00bbdefault\u00a0\u00bb animation_style=\u00a0\u00bbfade\u00a0\u00bb global_colors_info=\u00a0\u00bb{}\u00a0\u00bb][et_pb_row _builder_version=\u00a0\u00bb4.27.4&Prime; _module_preset=\u00a0\u00bbdefault\u00a0\u00bb global_colors_info=\u00a0\u00bb{}\u00a0\u00bb][et_pb_column type=\u00a0\u00bb4_4&Prime; _builder_version=\u00a0\u00bb4.27.4&Prime; _module_preset=\u00a0\u00bbdefault\u00a0\u00bb global_colors_info=\u00a0\u00bb{}\u00a0\u00bb][et_pb_text _builder_version=\u00a0\u00bb4.27.4&Prime; _module_preset=\u00a0\u00bbdefault\u00a0\u00bb global_colors_info=\u00a0\u00bb{}\u00a0\u00bb]<\/p>\n<h2><strong data-start=\"1667\" data-end=\"1691\">Pourquoi l\u2019oreille ?<\/strong><\/h2>\n<p>[\/et_pb_text][\/et_pb_column][\/et_pb_row][et_pb_row _builder_version=\u00a0\u00bb4.27.4&Prime; _module_preset=\u00a0\u00bbdefault\u00a0\u00bb global_colors_info=\u00a0\u00bb{}\u00a0\u00bb][et_pb_column type=\u00a0\u00bb4_4&Prime; _builder_version=\u00a0\u00bb4.27.4&Prime; _module_preset=\u00a0\u00bbdefault\u00a0\u00bb global_colors_info=\u00a0\u00bb{}\u00a0\u00bb][et_pb_text _builder_version=\u00a0\u00bb4.27.4&Prime; _module_preset=\u00a0\u00bbdefault\u00a0\u00bb text_font_size=\u00a0\u00bb20px\u00a0\u00bb text_line_height=\u00a0\u00bb1.72em\u00a0\u00bb global_colors_info=\u00a0\u00bb{}\u00a0\u00bb]<\/p>\n<p><span>L\u2019oreille est une <\/span><strong data-start=\"1710\" data-end=\"1737\">zone hautement innerv\u00e9e<\/strong><span> et connect\u00e9e au syst\u00e8me nerveux autonome. Cela permet des effets rapides et profonds sur l\u2019\u00e9quilibre du corps.<\/span><\/p>\n<p>[\/et_pb_text][\/et_pb_column][\/et_pb_row][\/et_pb_section][et_pb_section fb_built=\u00a0\u00bb1&Prime; _builder_version=\u00a0\u00bb4.27.4&Prime; _module_preset=\u00a0\u00bbdefault\u00a0\u00bb animation_style=\u00a0\u00bbfade\u00a0\u00bb global_colors_info=\u00a0\u00bb{}\u00a0\u00bb][et_pb_row _builder_version=\u00a0\u00bb4.27.4&Prime; _module_preset=\u00a0\u00bbdefault\u00a0\u00bb global_colors_info=\u00a0\u00bb{}\u00a0\u00bb][et_pb_column type=\u00a0\u00bb4_4&Prime; _builder_version=\u00a0\u00bb4.27.4&Prime; _module_preset=\u00a0\u00bbdefault\u00a0\u00bb global_colors_info=\u00a0\u00bb{}\u00a0\u00bb][et_pb_text _builder_version=\u00a0\u00bb4.27.4&Prime; _module_preset=\u00a0\u00bbdefault\u00a0\u00bb global_colors_info=\u00a0\u00bb{}\u00a0\u00bb]<\/p>\n<h2><strong data-start=\"1865\" data-end=\"1896\">Une approche compl\u00e9mentaire<\/strong><\/h2>\n<p>[\/et_pb_text][\/et_pb_column][\/et_pb_row][et_pb_row _builder_version=\u00a0\u00bb4.27.4&Prime; _module_preset=\u00a0\u00bbdefault\u00a0\u00bb global_colors_info=\u00a0\u00bb{}\u00a0\u00bb][et_pb_column type=\u00a0\u00bb4_4&Prime; _builder_version=\u00a0\u00bb4.27.4&Prime; _module_preset=\u00a0\u00bbdefault\u00a0\u00bb global_colors_info=\u00a0\u00bb{}\u00a0\u00bb][et_pb_text _builder_version=\u00a0\u00bb4.27.4&Prime; _module_preset=\u00a0\u00bbdefault\u00a0\u00bb text_font_size=\u00a0\u00bb20px\u00a0\u00bb text_line_height=\u00a0\u00bb1.72em\u00a0\u00bb global_colors_info=\u00a0\u00bb{}\u00a0\u00bb]<\/p>\n<ul>\n<li><span>L\u2019auriculoth\u00e9rapie peut \u00eatre utilis\u00e9e seule ou en compl\u00e9ment des autres soins du cabinet (acupuncture, moxibustion, ventouses\u2026).<\/span><\/li>\n<\/ul>\n<p>[\/et_pb_text][\/et_pb_column][\/et_pb_row][et_pb_row _builder_version=\u00a0\u00bb4.27.4&Prime; _module_preset=\u00a0\u00bbdefault\u00a0\u00bb global_colors_info=\u00a0\u00bb{}\u00a0\u00bb][et_pb_column type=\u00a0\u00bb4_4&Prime; _builder_version=\u00a0\u00bb4.27.4&Prime; _module_preset=\u00a0\u00bbdefault\u00a0\u00bb global_colors_info=\u00a0\u00bb{}\u00a0\u00bb][dica_divi_carousel overlay_color_field_bgcolor=\u00a0\u00bbrgba(255,255,255,0.85)\u00a0\u00bb _builder_version=\u00a0\u00bb4.27.4&Prime; _module_preset=\u00a0\u00bbdefault\u00a0\u00bb locked=\u00a0\u00bboff\u00a0\u00bb global_colors_info=\u00a0\u00bb{}\u00a0\u00bb][dica_divi_carouselitem button_url_new_window=\u00a0\u00bb1&Prime; image=\u00a0\u00bbhttp:\/\/mtcge.ch\/wp-content\/uploads\/2025\/07\/Auriculotherapie.webp\u00a0\u00bb _builder_version=\u00a0\u00bb4.27.4&Prime; _module_preset=\u00a0\u00bbdefault\u00a0\u00bb border_radii_item=\u00a0\u00bbon|20px|20px|20px|20px\u00a0\u00bb global_colors_info=\u00a0\u00bb{}\u00a0\u00bb][\/dica_divi_carouselitem][dica_divi_carouselitem button_url_new_window=\u00a0\u00bb1&Prime; image=\u00a0\u00bbhttp:\/\/mtcge.ch\/wp-content\/uploads\/2025\/07\/Auriculotherapy-MTC-GE.webp\u00a0\u00bb _builder_version=\u00a0\u00bb4.27.4&Prime; _module_preset=\u00a0\u00bbdefault\u00a0\u00bb border_radii_item=\u00a0\u00bbon|20px|20px|20px|20px\u00a0\u00bb global_colors_info=\u00a0\u00bb{}\u00a0\u00bb][\/dica_divi_carouselitem][\/dica_divi_carousel][\/et_pb_column][\/et_pb_row][\/et_pb_section][et_pb_section fb_built=\u00a0\u00bb1&Prime; _builder_version=\u00a0\u00bb4.27.4&Prime; _module_preset=\u00a0\u00bbdefault\u00a0\u00bb animation_style=\u00a0\u00bbfade\u00a0\u00bb global_colors_info=\u00a0\u00bb{}\u00a0\u00bb][et_pb_row _builder_version=\u00a0\u00bb4.27.4&Prime; _module_preset=\u00a0\u00bbdefault\u00a0\u00bb global_colors_info=\u00a0\u00bb{}\u00a0\u00bb][et_pb_column type=\u00a0\u00bb4_4&Prime; _builder_version=\u00a0\u00bb4.27.4&Prime; _module_preset=\u00a0\u00bbdefault\u00a0\u00bb global_colors_info=\u00a0\u00bb{}\u00a0\u00bb][et_pb_text _builder_version=\u00a0\u00bb4.27.4&Prime; _module_preset=\u00a0\u00bbdefault\u00a0\u00bb global_colors_info=\u00a0\u00bb{}\u00a0\u00bb]<\/p>\n<h2><strong>FAQ rapide<\/strong><\/h2>\n<p>[\/et_pb_text][\/et_pb_column][\/et_pb_row][et_pb_row _builder_version=\u00a0\u00bb4.27.4&Prime; _module_preset=\u00a0\u00bbdefault\u00a0\u00bb global_colors_info=\u00a0\u00bb{}\u00a0\u00bb][et_pb_column type=\u00a0\u00bb4_4&Prime; _builder_version=\u00a0\u00bb4.27.4&Prime; _module_preset=\u00a0\u00bbdefault\u00a0\u00bb global_colors_info=\u00a0\u00bb{}\u00a0\u00bb][et_pb_toggle title=\u00a0\u00bbEst-ce douloureux ?\u00a0\u00bb _builder_version=\u00a0\u00bb4.27.4&Prime; _module_preset=\u00a0\u00bbdefault\u00a0\u00bb global_colors_info=\u00a0\u00bb{}\u00a0\u00bb]<\/p>\n<p>La plupart des gens ne ressente pas de douleurs. Il est cependant possible d&rsquo; ressentir l\u00e9g\u00e8rement au moment de la pose.<\/p>\n<p>[\/et_pb_toggle][et_pb_toggle title=\u00a0\u00bbPuis-je reprendre une activit\u00e9 normale ensuite ?\u00a0\u00bb _builder_version=\u00a0\u00bb4.27.4&Prime; _module_preset=\u00a0\u00bbdefault\u00a0\u00bb global_colors_info=\u00a0\u00bb{}\u00a0\u00bb]<\/p>\n<p>Oui, vous pouvez repartir travailler ou vous d\u00e9tendre normalement apr\u00e8s la s\u00e9ance.<\/p>\n<p>[\/et_pb_toggle][\/et_pb_column][\/et_pb_row][\/et_pb_section][et_pb_section fb_built=\u00a0\u00bb1&Prime; _builder_version=\u00a0\u00bb4.27.4&Prime; _module_preset=\u00a0\u00bbdefault\u00a0\u00bb global_colors_info=\u00a0\u00bb{}\u00a0\u00bb][et_pb_row _builder_version=\u00a0\u00bb4.27.4&Prime; _module_preset=\u00a0\u00bbdefault\u00a0\u00bb global_colors_info=\u00a0\u00bb{}\u00a0\u00bb][et_pb_column type=\u00a0\u00bb4_4&Prime; _builder_version=\u00a0\u00bb4.27.4&Prime; _module_preset=\u00a0\u00bbdefault\u00a0\u00bb global_colors_info=\u00a0\u00bb{}\u00a0\u00bb][et_pb_text _builder_version=\u00a0\u00bb4.27.4&Prime; _module_preset=\u00a0\u00bbdefault\u00a0\u00bb global_colors_info=\u00a0\u00bb{}\u00a0\u00bb]<\/p>\n<h2 style=\"text-align: center;\"><strong>Envie d\u2019essayer ?<\/strong><\/h2>\n<p>[\/et_pb_text][et_pb_text _builder_version=\u00a0\u00bb4.27.4&Prime; _module_preset=\u00a0\u00bbdefault\u00a0\u00bb text_font_size=\u00a0\u00bb20px\u00a0\u00bb text_line_height=\u00a0\u00bb1.72em\u00a0\u00bb global_colors_info=\u00a0\u00bb{}\u00a0\u00bb]<\/p>\n<p style=\"text-align: center;\"><span>Pr\u00eat \u00e0 exp\u00e9rimenter une approche douce et efficace par l\u2019oreille ? R\u00e9servez votre s\u00e9ance d\u2019auriculoth\u00e9rapie d\u00e8s maintenant.<\/span><\/p>\n<p>[\/et_pb_text][et_pb_button button_url=\u00a0\u00bb\/contact-rendez-vous\u00a0\u00bb button_text=\u00a0\u00bbPrendre rendez-vous\u00a0\u00bb button_alignment=\u00a0\u00bbcenter\u00a0\u00bb button_alignment_tablet=\u00a0\u00bbcenter\u00a0\u00bb button_alignment_phone=\u00a0\u00bbcenter\u00a0\u00bb button_alignment_last_edited=\u00a0\u00bbon|tablet\u00a0\u00bb _builder_version=\u00a0\u00bb4.27.4&Prime; _module_preset=\u00a0\u00bbdefault\u00a0\u00bb custom_button=\u00a0\u00bbon\u00a0\u00bb button_bg_color=\u00a0\u00bbgcid-b12e6355-6e1c-40de-a995-3d4de92b5e0a\u00a0\u00bb button_border_width=\u00a0\u00bb2px\u00a0\u00bb button_border_radius=\u00a0\u00bb16px\u00a0\u00bb custom_margin=\u00a0\u00bb-5px||-5px||false|false\u00a0\u00bb custom_margin_tablet=\u00a0\u00bb10px||||false|false\u00a0\u00bb custom_margin_phone=\u00a0\u00bb||||false|false\u00a0\u00bb custom_margin_last_edited=\u00a0\u00bbon|phone\u00a0\u00bb animation_style=\u00a0\u00bbfade\u00a0\u00bb button_text_size_tablet=\u00a0\u00bb\u00a0\u00bb button_text_size_phone=\u00a0\u00bb16px\u00a0\u00bb button_text_size_last_edited=\u00a0\u00bbon|phone\u00a0\u00bb global_colors_info=\u00a0\u00bb{%22gcid-b12e6355-6e1c-40de-a995-3d4de92b5e0a%22:%91%22button_bg_color%22%93}\u00a0\u00bb][\/et_pb_button][\/et_pb_column][\/et_pb_row][\/et_pb_section]<\/p>\n","protected":false},"excerpt":{"rendered":"<p>Auriculoth\u00e9rapie \u00e0 Gen\u00e8ve | MTC Sant\u00e9Une m\u00e9thode douce et pr\u00e9cise pour r\u00e9\u00e9quilibrer votre corps par l\u2019oreilleGr\u00e2ce \u00e0 l\u2019auriculoth\u00e9rapie, technique mill\u00e9naire de la m\u00e9decine chinoise, il est possible de r\u00e9duire stress, douleurs et tensions. La Dre Qian applique cette m\u00e9thode \u00e0 Gen\u00e8ve pour des soins personnalis\u00e9s et efficaces.Indications principales Stress, anxi\u00e9t\u00e9, troubles du sommeil Douleurs chroniques [&hellip;]<\/p>\n","protected":false},"author":1,"featured_media":0,"parent":0,"menu_order":0,"comment_status":"closed","ping_status":"closed","template":"","meta":{"_et_pb_use_builder":"on","_et_pb_old_content":"","_et_gb_content_width":"","footnotes":""},"class_list":["post-41","page","type-page","status-publish","hentry"],"_links":{"self":[{"href":"https:\/\/mtcge.ch\/en\/wp-json\/wp\/v2\/pages\/41","targetHints":{"allow":["GET"]}}],"collection":[{"href":"https:\/\/mtcge.ch\/en\/wp-json\/wp\/v2\/pages"}],"about":[{"href":"https:\/\/mtcge.ch\/en\/wp-json\/wp\/v2\/types\/page"}],"author":[{"embeddable":true,"href":"https:\/\/mtcge.ch\/en\/wp-json\/wp\/v2\/users\/1"}],"replies":[{"embeddable":true,"href":"https:\/\/mtcge.ch\/en\/wp-json\/wp\/v2\/comments?post=41"}],"version-history":[{"count":27,"href":"https:\/\/mtcge.ch\/en\/wp-json\/wp\/v2\/pages\/41\/revisions"}],"predecessor-version":[{"id":986,"href":"https:\/\/mtcge.ch\/en\/wp-json\/wp\/v2\/pages\/41\/revisions\/986"}],"wp:attachment":[{"href":"https:\/\/mtcge.ch\/en\/wp-json\/wp\/v2\/media?parent=41"}],"curies":[{"name":"wp","href":"https:\/\/api.w.org\/{rel}","templated":true}]}}